{"version":"1.0","provider_name":"Industrial Furniture","provider_url":"https:\/\/industrial.cafeblog.hu","author_name":"R\u00f3zsasz\u00edn Gumikacsa","author_url":"https:\/\/industrial.cafeblog.hu\/author\/rozsaszin_gumikacsa\/","title":"R\u00e9gi kis h\u0171t\u0151","html":"<p>A Vater\u00e1n tal\u00e1ltam egy gy\u00f6ny\u00f6r\u0171, r\u00e9gi kis h\u0171t\u0151t. Nekem nagyon tetszenek ezek a kompakt kis b\u00fatordarabok, t\u00f6m\u00f6r form\u00e1jukkal, funkcion\u00e1lis megold\u00e1saikkal, patin\u00e1s f\u00e9m alkatr\u00e9szeikkel t\u00f6k\u00e9letesen illenek egy loft hangulat\u00fa lak\u00e1sba. Ak\u00e1r \u00edgy, kopottasan is hagyhat\u00f3, vagy egy kis csiszol\u00e1ssal, fest\u00e9ssel csod\u00e1t lehet vele m\u0171velni.<\/p>\n<p>\u00cdgy n\u00e9z ki most:<img src=\"http:\/\/m.cdn.blog.hu\/in\/industrial\/image\/r%C3%A9gi%20h%C5%B1t%C5%91.jpg\" alt=\"r\u00e9gi h\u0171t\u0151.jpg\" class=\"imgnotext\" \/><\/p>\n<p><\/p>\n<p>Lelki szemeim el\u0151tt pedig valami ilyesmi k\u00f6rvonalaz\u00f3dik:<\/p>\n<p><img src=\"http:\/\/m.cdn.blog.hu\/in\/industrial\/image\/s%C3%A1rga%20h%C5%B1t%C5%91.gif\" alt=\"s\u00e1rga h\u0171t\u0151.gif\" class=\"imgnotext\" \/><\/p>\n<p>A k\u00e9pek forr\u00e1sa a vatera <a target=\"_blank\" href=\"http:\/\/antik.vatera.hu\/haztartasi_etkezesi_kellekek\/egyeb\/antik_jegszekreny_hutoszekreny_jeges_1ft_nma_1850630081.html\">innen<\/a> \u00e9s a pinterest <a target=\"_blank\" href=\"http:\/\/www.pinterest.com\/pin\/171629435768803904\/\">innen<\/a>. <\/p>","type":"rich"}