{"version":"1.0","provider_name":"Industrial Furniture","provider_url":"https:\/\/industrial.cafeblog.hu","author_name":"R\u00f3zsasz\u00edn Gumikacsa","author_url":"https:\/\/industrial.cafeblog.hu\/author\/rozsaszin_gumikacsa\/","title":"Ford\u00edtott kasp\u00f3","html":"<p>B\u00e1r m\u00e1r 2010 \u00f3ta lehet kapni (s\u0151t Magyarorsz\u00e1gr\u00f3l is el\u00e9rhet\u0151), \u00e9n csak most realiz\u00e1ltam, hogy l\u00e9tezik ilyen \"ford\u00edtott vil\u00e1g\" \u00fcltet\u0151kasp\u00f3. A l\u00e9nyege, hogy a n\u00f6v\u00e9nyt ford\u00edtva kell bele\u00fcltetni, \u00e9s \u00edgy a plafonr\u00f3l l\u00f3gatva lehet minikert\u00fcnk. F\u0171szern\u00f6v\u00e9nyekkel ak\u00e1r m\u00e9g praktikus is lehet, mert a pult f\u00f6l\u00e9 l\u00f3gatva j\u00f3 kis konyhakertet kapunk. Elvileg lehet bele t\u00f6bbf\u00e9le n\u00f6v\u00e9nyt \u00fcltetni, ami b\u00edrja ezt a poz\u00edci\u00f3t, pl. orchide\u00e1t, p\u00e1fr\u00e1nyt, vagy p\u00e1lm\u00e1t.<\/p>\n<p>Az els\u0151 megh\u00f6kken\u00e9s ut\u00e1n \u00fagy d\u00f6nt\u00f6ttem, hogy nem tetszik. Fura, \u00e9s nagyon term\u00e9szetellenes.<\/p>\n<p><img src=\"http:\/\/m.cdn.blog.hu\/in\/industrial\/image\/phpThumb_generated_thumbnailjpg.jpg\" alt=\"phpThumb_generated_thumbnailjpg.jpg\" class=\"imgnotext picomat-image\" \/><\/p>\n<p><img src=\"http:\/\/m.cdn.blog.hu\/in\/industrial\/image\/phpThumb_generated_thumbnai.jpg\" alt=\"phpThumb_generated_thumbnai.jpg\" class=\"imgnotext picomat-image\" \/><\/p>\n<p><img src=\"http:\/\/m.cdn.blog.hu\/in\/industrial\/image\/003_BoskkeXPlumen003.jpg\" alt=\"003_BoskkeXPlumen003.jpg\" class=\"imgnotext picomat-image\" height=\"285\" width=\"428\" \/><\/p>\n<p><img src=\"http:\/\/m.cdn.blog.hu\/in\/industrial\/image\/boskke-bkskyrwh-l.jpg\" alt=\"boskke-bkskyrwh-l.jpg\" class=\"imgnotext picomat-image\" height=\"385\" width=\"427\" \/><\/p>\n<p><img src=\"http:\/\/m.cdn.blog.hu\/in\/industrial\/image\/phpThumb_genera.jpg\" alt=\"phpThumb_genera.jpg\" class=\"imgnotext picomat-image\" \/><\/p>\n<p><img src=\"http:\/\/m.cdn.blog.hu\/in\/industrial\/image\/phpThug.jpg\" alt=\"phpThug.jpg\" class=\"imgnotext picomat-image\" \/><\/p>\n<p>Pedig m\u00e9g kar\u00e1csonyi dekort is aj\u00e1nlanak a <a target=\"_blank\" href=\"http:\/\/www.boskke.com\/products\/skyplanter\/\">c\u00e9g honlapj\u00e1n<\/a>:<\/p>\n<p><img src=\"http:\/\/m.cdn.blog.hu\/in\/industrial\/image\/Christmas-Tree-Boskke.jpg\" alt=\"Christmas-Tree-Boskke.jpg\" class=\"imgnotext picomat-image\" height=\"308\" width=\"509\" \/><\/p>\n<p>Forr\u00e1s <a target=\"_blank\" href=\"http:\/\/www.boskke.com\/products\/skyplanter\/\">Boskke.<\/a><\/p>","type":"rich"}